{"id":16869,"date":"2019-01-04T09:05:16","date_gmt":"2019-01-04T09:05:16","guid":{"rendered":"http:\/\/consulta-europa.com\/about\/"},"modified":"2023-01-20T16:21:52","modified_gmt":"2023-01-20T16:21:52","slug":"about","status":"publish","type":"page","link":"https:\/\/consulta-europa.com\/es\/about\/","title":{"rendered":"Qui\u00e9nes somos"},"content":{"rendered":"<h2 style=\"text-align: left;\"><span style=\"color: #aecb35;\"><strong>Somos Consulta Europa<\/strong><\/span><\/h2>\n<p>Somos una pyme especializada en la gesti\u00f3n de proyectos de investigaci\u00f3n, educaci\u00f3n e innovaci\u00f3n con base en las Islas Canarias, una regi\u00f3n ultraperif\u00e9rica espa\u00f1ola localizada cerca de la costa marroqu\u00ed, en el Oc\u00e9ano Atl\u00e1ntico. Consulta Europa naci\u00f3 en 2009 como agencia privada de desarrollo local y centro de conocimiento con el objetivo de proporcionar soluciones innovadoras en el \u00e1mbito de la Uni\u00f3n Europea (UE) para problemas locales, en general, y m\u00e1s espec\u00edficamente de las Islas Canarias.<\/p>\n","protected":false},"excerpt":{"rendered":"<p>Somos Consulta Europa Somos una pyme especializada en la gesti\u00f3n de proyectos de investigaci\u00f3n, educaci\u00f3n e innovaci\u00f3n con base en las Islas Canarias, una regi\u00f3n ultraperif\u00e9rica espa\u00f1ola localizada cerca de la costa marroqu\u00ed, en el Oc\u00e9ano Atl\u00e1ntico. Consulta Europa naci\u00f3 en 2009 como agencia privada de desarrollo local y centro de conocimiento con el objetivo [&hellip;]<\/p>\n","protected":false},"author":1,"featured_media":20979,"parent":0,"menu_order":0,"comment_status":"closed","ping_status":"closed","template":"page-about.php","meta":{"inline_featured_image":false,"_FSMCFIC_featured_image_caption":"","_FSMCFIC_featured_image_nocaption":"","_FSMCFIC_featured_image_hide":""},"acf":[],"_links":{"self":[{"href":"https:\/\/consulta-europa.com\/es\/wp-json\/wp\/v2\/pages\/16869"}],"collection":[{"href":"https:\/\/consulta-europa.com\/es\/wp-json\/wp\/v2\/pages"}],"about":[{"href":"https:\/\/consulta-europa.com\/es\/wp-json\/wp\/v2\/types\/page"}],"author":[{"embeddable":true,"href":"https:\/\/consulta-europa.com\/es\/wp-json\/wp\/v2\/users\/1"}],"replies":[{"embeddable":true,"href":"https:\/\/consulta-europa.com\/es\/wp-json\/wp\/v2\/comments?post=16869"}],"version-history":[{"count":15,"href":"https:\/\/consulta-europa.com\/es\/wp-json\/wp\/v2\/pages\/16869\/revisions"}],"predecessor-version":[{"id":23833,"href":"https:\/\/consulta-europa.com\/es\/wp-json\/wp\/v2\/pages\/16869\/revisions\/23833"}],"wp:featuredmedia":[{"embeddable":true,"href":"https:\/\/consulta-europa.com\/es\/wp-json\/wp\/v2\/media\/20979"}],"wp:attachment":[{"href":"https:\/\/consulta-europa.com\/es\/wp-json\/wp\/v2\/media?parent=16869"}],"curies":[{"name":"wp","href":"https:\/\/api.w.org\/{rel}","templated":true}]}}